{"id":7424,"date":"2023-01-21T10:38:09","date_gmt":"2023-01-21T07:38:09","guid":{"rendered":"https:\/\/www.spitalalba.ro\/wp2\/?page_id=7424"},"modified":"2025-03-04T15:57:33","modified_gmt":"2025-03-04T12:57:33","slug":"centrul-de-sanatate-mintala-copii","status":"publish","type":"page","link":"https:\/\/www.spitalalba.ro\/wp2\/sectii\/centrul-de-sanatate-mintala-copii\/","title":{"rendered":"Centrul de S\u0103n\u0103tate Mintal\u0103 Copii"},"content":{"rendered":"\n<p class=\"wp-block-paragraph\"><strong>Centrul de S\u0103n\u0103tate Mintal\u0103 Copii s-a&nbsp; \u00eenfiin\u021bat \u00een structura Spitalului Jude\u021bean de Urgen\u0163\u0103 Alba Iulia \u00een baza ordinului 375\/2006, prin reorganizarea Laboratorului de S\u0103n\u0103tate Mintal\u0103 copii deja existent.<\/strong><\/p>\n\n\n\n<p class=\"wp-block-paragraph\"><strong><u>Cine suntem?<\/u><\/strong><\/p>\n\n\n\n<p class=\"wp-block-paragraph\">Echipa noastr\u0103 este formata din: medici, psihologi, asistent social, asisten\u021bi medicali, registratori medicali, \u00eengrijitor cur\u0103\u0163enie.<\/p>\n\n\n\n<p class=\"wp-block-paragraph\">Speciali\u0219ti no\u0219tii:<\/p>\n\n\n\n<p class=\"wp-block-paragraph\"><strong>Dr. Lupulescu Adina \u2013 medic primar psihiatrie pediatrica, medic \u015fef<\/strong><\/p>\n\n\n\n<p class=\"wp-block-paragraph\">Dr. Patrulescu Estela, medic specialist psihiatrie pediatrica;<\/p>\n\n\n\n<p class=\"wp-block-paragraph\">Dr. Samoila Carmen, medic specialist neurologie pediatrica;<\/p>\n\n\n\n<p class=\"wp-block-paragraph\">Psiholog principal psihologie clinic\u0103 Bogdan Raluca Elena;<\/p>\n\n\n\n<p class=\"wp-block-paragraph\">Psiholog specialist psihologie clinic\u0103 Ghircau Ana Mirela;<\/p>\n\n\n\n<p class=\"wp-block-paragraph\">Asistent social principal Cioara Marcela<\/p>\n\n\n\n<p class=\"wp-block-paragraph\"><strong><u>Ce facem?<\/u><\/strong><\/p>\n\n\n\n<p class=\"wp-block-paragraph\">Oferim servicii cu caracter curativ \u015fi preventiv \u00een domeniul s\u0103n\u0103t\u0103\u0163ii mintale pentru: copii, adolescen\u021bi \u015fi familiile acestora, medici de familie, medici speciali\u0219ti, cadre didactice, comunitate.<\/p>\n\n\n\n<p class=\"wp-block-paragraph\">Serviciile oferite \u00een cadrul celor trei componente func\u0163ionale:<\/p>\n\n\n\n<p class=\"wp-block-paragraph\"><strong>Ambulatoriul de&nbsp; specialitate:<\/strong><\/p>\n\n\n\n<ul class=\"wp-block-list\"><li>Evaluare de specialitate, diagnostic \u015fi plan terapeutic complet \u015fi complex pentru popula\u0163ia \u0163int\u0103<\/li><li>Interven\u0163ie \u00een situa\u0163ii de criz\u0103<\/li><\/ul>\n\n\n\n<p class=\"wp-block-paragraph\"><strong>Sta\u0163ionarul de zi:<\/strong><\/p>\n\n\n\n<ul class=\"wp-block-list\"><li>Interven\u021bii multidisciplinare adresate copilului din popula\u0163ia \u0163int\u0103 \u015fi\/sau familieiacestuia(evaluare \u015fi consiliere medical\u0103, psihologic\u0103 \u015fi social\u0103)<\/li><li>Interven\u0163ie \u00een situa\u0163ii psihotraumatice \u2013 deces persoane apropiate, boal\u0103, separarea p\u0103rin\u0163ilor, abandonul copilului, abuz<\/li><\/ul>\n\n\n\n<p class=\"wp-block-paragraph\"><strong>Echipa mobila:<\/strong><\/p>\n\n\n\n<ul class=\"wp-block-list\"><li>Promovarea s\u0103n\u0103t\u0103\u0163ii mintale a copilului \u015fi adolescentului prin campanii de informare\/sensibilizare a comunit\u0103\u0163ii,<\/li><li>Activit\u0103\u0163i \u00een \u015fcoli \u015fi gr\u0103dini\u021be,<\/li><li>Colabor\u0103ri cu medici de familie \u015fi al\u021bi medici speciali\u015fti etc.<\/li><\/ul>\n\n\n\n<p class=\"wp-block-paragraph\"><strong><u>Cui ne adresam? Popula\u0163ia \u0163int\u0103<\/u><\/strong><\/p>\n\n\n\n<p class=\"wp-block-paragraph\">Copii \u015fi adolescen\u0163i cu v\u00e2rsta sub 18 ani, cu:<\/p>\n\n\n\n<p class=\"wp-block-paragraph\">Tulbur\u0103ri psihiatrice<\/p>\n\n\n\n<ul class=\"wp-block-list\"><li>Tulbur\u0103ri ale dezvolt\u0103rii psihologice:<ul><li>Tulbur\u0103ri specifice de dezvoltare a vorbirii \u015fi limbajului<ul><li>Tulbur\u0103ri specifice de dezvoltare a abilit\u0103\u0163ilor \u015fcolare<\/li><\/ul><ul><li>Tulbur\u0103ri din spectrul autist<\/li><\/ul><\/li><\/ul><\/li><li>Retard psihic \u015fi de limbaj<\/li><li>Tulbur\u0103ri anxioase<\/li><li>Tulbur\u0103ri afective<\/li><li>Tulbur\u0103ri emo\u0163ionale cu debut specific \u00een copil\u0103rie<\/li><li>Tulbur\u0103ri de ata\u015fament<\/li><li>Ticuri<\/li><li>Enurezis, encoprezis<\/li><li>Tulbur\u0103ri ale instinctului alimentar<\/li><li>Tulbur\u0103ri de somn<\/li><li>Tulbur\u0103ri de conduit\u0103<\/li><li>Tulburarea hiperkinetic\u0103 cu deficit de aten\u0163ie<\/li><li>Tulbur\u0103ri legate de consumul de substan\u0163e<\/li><li>Tulbur\u0103ri psihotice<\/li><li>Tulbur\u0103ri psihice ap\u0103rute \u00een afec\u0163iuni neurologice<\/li><\/ul>\n\n\n\n<p class=\"wp-block-paragraph\">Tulbur\u0103ri neurologice, \u00een contextul colabor\u0103rii cu spitalele \u015fi medicii de familie din jude\u0163ul Alba:<\/p>\n\n\n\n<ul class=\"wp-block-list\"><li>Urm\u0103rire nou n\u0103scu\u021bi la risc (prematur, suferin\u021ba la na\u0219tere etc.),<\/li><li>Tulbur\u0103ri de dezvoltare motorie,<\/li><li>Afec\u021biuni neuromusculare,<\/li><li>Epilepsie,<\/li><li>Sindrom cefalalgic,<\/li><li>Pareze,<\/li><li>Paralizie cerebrala etc.<\/li><\/ul>\n\n\n\n<p class=\"wp-block-paragraph\"><strong><u>Unde ne g\u0103si\u021bi?&nbsp;<\/u><\/strong><\/p>\n\n\n\n<p class=\"wp-block-paragraph\">Accesul este facil \u2013 \u00een municipiul Alba Iulia, str. Unirii nr. 1-3 (l\u00e2ng\u0103 Catedrala Ortodoxa)<\/p>\n\n\n\n<figure class=\"wp-block-table\"><table><tbody><tr><td>CENTRUL DE S\u0102N\u0102TATE MINTAL\u0102 COPII <br>(program\u0103ri telefonice \u00eentre 8-16.00<\/td><td><strong>0258\/815351<\/strong> sau <br><strong>0769022907<\/strong><\/td><td>Alba Iulia<\/td><th><\/th><\/tr><\/tbody><\/table><\/figure>\n","protected":false},"excerpt":{"rendered":"<p>Centrul de S\u0103n\u0103tate Mintal\u0103 Copii s-a&nbsp; \u00eenfiin\u021bat \u00een structura Spitalului Jude\u021bean de Urgen\u0163\u0103 Alba Iulia \u00een baza ordinului 375\/2006, prin reorganizarea Laboratorului de S\u0103n\u0103tate Mintal\u0103 copii deja existent. Cine suntem?&hellip;<\/p>\n","protected":false},"author":3,"featured_media":0,"parent":5211,"menu_order":1,"comment_status":"closed","ping_status":"closed","template":"","meta":{"_monsterinsights_skip_tracking":false,"_uf_show_specific_survey":0,"_uf_disable_surveys":false,"footnotes":""},"categories":[],"tags":[],"class_list":["post-7424","page","type-page","status-publish","hentry"],"_links":{"self":[{"href":"https:\/\/www.spitalalba.ro\/wp2\/wp-json\/wp\/v2\/pages\/7424","targetHints":{"allow":["GET"]}}],"collection":[{"href":"https:\/\/www.spitalalba.ro\/wp2\/wp-json\/wp\/v2\/pages"}],"about":[{"href":"https:\/\/www.spitalalba.ro\/wp2\/wp-json\/wp\/v2\/types\/page"}],"author":[{"embeddable":true,"href":"https:\/\/www.spitalalba.ro\/wp2\/wp-json\/wp\/v2\/users\/3"}],"replies":[{"embeddable":true,"href":"https:\/\/www.spitalalba.ro\/wp2\/wp-json\/wp\/v2\/comments?post=7424"}],"version-history":[{"count":3,"href":"https:\/\/www.spitalalba.ro\/wp2\/wp-json\/wp\/v2\/pages\/7424\/revisions"}],"predecessor-version":[{"id":9076,"href":"https:\/\/www.spitalalba.ro\/wp2\/wp-json\/wp\/v2\/pages\/7424\/revisions\/9076"}],"up":[{"embeddable":true,"href":"https:\/\/www.spitalalba.ro\/wp2\/wp-json\/wp\/v2\/pages\/5211"}],"wp:attachment":[{"href":"https:\/\/www.spitalalba.ro\/wp2\/wp-json\/wp\/v2\/media?parent=7424"}],"wp:term":[{"taxonomy":"category","embeddable":true,"href":"https:\/\/www.spitalalba.ro\/wp2\/wp-json\/wp\/v2\/categories?post=7424"},{"taxonomy":"post_tag","embeddable":true,"href":"https:\/\/www.spitalalba.ro\/wp2\/wp-json\/wp\/v2\/tags?post=7424"}],"curies":[{"name":"wp","href":"https:\/\/api.w.org\/{rel}","templated":true}]}}